{"id":5021,"date":"2024-05-29T05:10:24","date_gmt":"2024-05-29T05:10:24","guid":{"rendered":"https:\/\/proeuropa.ro\/v2\/?page_id=5021"},"modified":"2024-05-29T05:16:59","modified_gmt":"2024-05-29T05:16:59","slug":"provincia-2000-hu","status":"publish","type":"page","link":"https:\/\/proeuropa.ro\/v2\/provincia-2000-hu\/","title":{"rendered":"Provincia 2000 hu"},"content":{"rendered":"\t\t<div data-elementor-type=\"wp-page\" data-elementor-id=\"5021\" class=\"elementor elementor-5021\">\n\t\t\t\t<div class=\"elementor-element elementor-element-f987814 e-flex e-con-boxed e-con e-parent\" data-id=\"f987814\" data-element_type=\"container\" data-e-type=\"container\">\n\t\t\t\t\t<div class=\"e-con-inner\">\n\t\t\t\t<div class=\"elementor-element elementor-element-720edd3 elementor-widget__width-initial elementor-widget elementor-widget-image\" data-id=\"720edd3\" data-element_type=\"widget\" data-e-type=\"widget\" data-widget_type=\"image.default\">\n\t\t\t\t<div class=\"elementor-widget-container\">\n\t\t\t\t\t\t\t\t\t\t\t\t\t\t\t<img decoding=\"async\" src=\"https:\/\/proeuropa.ro\/v2\/wp-content\/uploads\/elementor\/thumbs\/provincia-2000_hu-qouvqrc4ld0qt2s6tiuz797mch07xlmsywaj2p27rk.jpg\" title=\"provincia-2000_hu\" alt=\"provincia-2000_hu\" loading=\"lazy\" \/>\t\t\t\t\t\t\t\t\t\t\t\t\t\t\t<\/div>\n\t\t\t\t<\/div>\n\t\t\t\t<div class=\"elementor-element elementor-element-1fcb185 elementor-widget elementor-widget-text-editor\" data-id=\"1fcb185\" data-element_type=\"widget\" data-e-type=\"widget\" data-widget_type=\"text-editor.default\">\n\t\t\t\t<div class=\"elementor-widget-container\">\n\t\t\t\t\t\t\t\t\t<h2 class=\"western\" align=\"left\">Provincia 2000 hu<\/h2><p class=\"western\" align=\"left\"><span style=\"text-decoration: underline;\"><a href=\"https:\/\/proeuropa.ro\/v2\/wp-content\/uploads\/2024\/05\/provincia-2000_hu_2001.pdf\">provincia-2000_hu_2001<\/a><\/span><\/p><p>Acest volum con\u0163ine o antologie a articolelor publicate \u00een revista Provincia anul I., 2000<br \/>Selec\u0163ie realizat\u0103 de Moln\u00e1r Guszt\u00e1v<br \/>Editor coordonator: Szokoly Elek<br \/>Coordonator tehnic: Kacs\u00f3 Judit-Andrea<br \/>Grafica coper\u0163ilor: K\u00f6nczey Elem\u00e9r<\/p><p>Cuprins<\/p><p><strong>Ce vrem \u015fi ce nu vrem<\/strong><\/p><p><strong>Nr. 1. aprilie 2000<\/strong><br \/>Moln\u00e1r Guszt\u00e1v: Provincia \u201epremodern\u0103\u201d<br \/>Caius Dobrescu: Berea dezalcoolizat\u0103 \u2013 o solu\u0163ie politic\u0103?<br \/>Bakk Mikl\u00f3s: Logica deconstruc\u0163iei<br \/>Hadh\u00e1zy Zsuzsa: Regiuni \u2013 pentru uz casnic<br \/>Traian \u015etef: Provincia noastr\u0103<br \/>Moln\u00e1r Guszt\u00e1v: Geografie electoral\u0103<br \/>Marius Cosmeanu: Identitatea noastr\u0103 cea de toate zilele<br \/>Sabina Fati: De la diferen\u0163iere la con\u015ftiin\u0163a diferen\u0163ierii<br \/>Marius Laz\u0103r: \u201eSubiectivisme\u201d transilvane \u00een trecerea de la utopie la \u015ftiin\u0163\u0103<br \/>Szokoly Elek: T\u00eergu-Mure\u015f, martie \u201990 \u2013 conflict interetnic?<br \/>\u00c1goston Vilmos: Dubla con\u015ftiin\u0163\u0103 transilv\u0103nean\u0103<br \/>\u00c1goston Hug\u00f3: Bucure\u015ftiul, precum o provincie<\/p><p><strong>Nr. 2. mai 2000<\/strong><br \/>Daniel Barbu: Cet\u0103\u0163enia \u015fi statul-na\u0163iune<br \/>Al. Cistelecan: Rom\u00e2nia \u2013 jude\u0163ul Vaslui al Europei<br \/>Bakk Mikl\u00f3s: Dezbateri (de modele) am\u00eenate<br \/>Ioan Buduca: Federalizare sau reorganizare teritorial\u0103?<br \/>Gabriel Andreescu: Na\u0163ionalismul civic: \u00eentre ciocan \u015fi nicoval\u0103<br \/>Caius Dobrescu: O c\u0103utare comun\u0103<br \/>Dr. Romul Boil\u0103: Studiu asupra reorganiz\u0103rii Statului rom\u00e2n \u00eentregit<br \/>Mihai Fusu: Op\u0163iunea Basarabiei este federalismul<br \/>Joschka Fischer: Federa\u0163ia european\u0103<br \/>Kolumb\u00e1n G\u00e1bor: Autonomiile locale \u015fi Europa regiunilor<br \/>V\u00e9gel L\u00e1szl\u00f3: Voivodina retro<br \/>Dr. Dejan Janca: Regionalism, statul regional \u015fi problemele structur\u0103rii regionale ale Serbiei<br \/>Daniel Vighi: Lincolnul lui Iorga sau cine e domn \u00een cas\u0103<\/p><p><strong>Nr. 3. iunie 2000<\/strong><br \/>Al. Cistelecan: Discursuri pentru Transilvania<br \/>Mircea Boari: Reforma statului sau restr\u00eengerea statului?<br \/>Renate Weber: Na\u0163ionalism, centralism \u015fi atitudini civice<br \/>Moln\u00e1r Guszt\u00e1v: Regionalism civic<br \/>Daniel Vighi: C\u00eend alteritatea devine monad\u0103<br \/>Antonela Capelle-Pog\u0103cean: Minoritatea maghiar\u0103 din Rom\u00e2nia: definiri identitare dup\u0103 1989<br \/>K\u00e1ntor Zolt\u00e1n: C\u00eeteva probleme teoretice ale autodefinirii \u015fi autoorganiz\u0103rii<br \/>Dem\u00e9ny P\u00e9ter: Mici \u015fi meci<br \/>\u00c1goston Hug\u00f3: Bucure\u015ftiul, precum o provincie<\/p><p><strong>Nr. 4. august 2000<\/strong><br \/>Al. Cistelecan: Literatura \u015fi literaturile Transilvaniei<br \/>Dem\u00e9ny P\u00e9ter: R\u00eezi cu mine!<br \/>Ioan Mu\u015flea: Spirit \u015fi literatur\u0103<br \/>Eginald Schlattner: Str\u0103inul apropiat<br \/>Joachim Wittstock: Unde \u00ee\u015fi au originea enigmele simbolurilor<br \/>L\u00e1ng Zsolt: S\u00eent? S\u00eent? Este?<br \/>Selyem Zsuzsa: Exist\u0103 \u00een lume un loc: Ardeal<br \/>Bal\u00e1zs Imre J\u00f3zsef: Ce num\u0103r poart\u0103 la pantofi literatura maghiar\u0103 din Transilvania?<br \/>Cornel Moraru: Vorbim deocamdat\u0103 de \u201eliteraturile\u201d din Ardeal<br \/>Traian \u015etef: Literatura ardelenilor<br \/>William Totok: O form\u0103 f\u0103r\u0103 fond?<br \/>Ovidiu Pecican: Aerul dimprejur<\/p><p><strong>Nr. 5. septembrie 2000<\/strong><br \/>Gabriel Andreescu: La r\u00eend, na\u0163ionalismul ortodox<br \/>Daniel Barbu: Subsidiaritate, democra\u0163ie cre\u015ftin\u0103 \u015fi ortodoxie<br \/>Moln\u00e1r Guszt\u00e1v: Europa Central\u0103 \u00eentre federalism \u015fi catastrof\u0103<br \/>Borcsa J\u00e1nos: Ar trebui s\u0103 se cultive literatur\u0103<br \/>Ioan Moldovan: Profesorul nostru<br \/>Daniel Vighi: De la construc\u0163ie la deconstruc\u0163ie \u015fi retur<br \/>Sz\u00e9kely Istv\u00e1n: UDMR \u00eentre dou\u0103 alegeri<br \/>*** Crearea unui nou spa\u0163iu public<br \/>Marius Cosmeanu: Postcomuni\u015fti, dilematici \u015fi democra\u0163i<\/p><p><strong>Nr. 6. octombrie 2000<\/strong><br \/>Moln\u00e1r Guszt\u00e1v: \u015eansele democra\u0163iei consociative \u00een Transilvania<br \/>K\u00e1ntor Zolt\u00e1n: Na\u0163ionalism civic?<br \/>Salat Levente: Starea de spirit a maghiarimii din Rom\u00e2nia \/ Traiectorii for\u0163ate \u00een g\u00eendirea public\u0103 minoritar\u0103<br \/>Ovidiu Pecican: Partid transetnic sau forum civic?<br \/>Bakk Mikl\u00f3s: Modele \u015fi alternative <br \/>Daniel Vighi: Viitorul european \u00eentre curaj \u015fi stagnare<br \/>Al. Cistelecan: Angoasa de a fi ardelean<br \/>Traian \u015etef: Un exerci\u0163iu european<br \/>*** Chevement-Fischer: Fa\u0163\u0103-n fa\u0163\u0103<br \/>\u00c1goston Hug\u00f3: Bucure\u015ftiul, precum o provincie<\/p><p><strong>Nr. 7. noiembrie 2000<\/strong><br \/>Gabriel Andreescu: Continuarea particip\u0103rii UDMR la guvernare \u2013 prima faz\u0103 a democra\u0163iei consensualiste rom\u00e2ne\u015fti?<br \/>Marius Cosmeanu: Deja-nu<br \/>Bakk Mikl\u00f3s: De la origini la \u00eenceputuri<br \/>Caius Dobrescu: Transilvania, Rom\u00e2nia \u015fi Europa<br \/>Szokoly Elek: Eppur si muove. Pledoarie pentru provincia \u201einexistent\u0103\u201d<br \/>Hajd\u00fa Farkas-Zolt\u00e1n: Colivia etnic\u0103 deschis\u0103, sau \u201ep\u0103catul ereditar\u201d al Transilvaniei<br \/>Hadh\u00e1zy Zsuzsa: Provincia \u2013 \u00een lumina presei<br \/>\u00c1goston Hug\u00f3: Bucure\u015ftiul, precum o provincie<\/p><p><strong>Nr. 8. decembrie 2000<\/strong><br \/>Daniel Vighi: C\u00eeteva probleme de fond ale unei construc\u0163ii politice alternative<br \/>Sabina Fati: Cum a devenit Ion Iliescu democratul salvator<br \/>Traian \u015etef: \u00centre diversiune \u015fi radicalizarea st\u00eengii<br \/>Caius Dobrescu: \u00cempotriva interpret\u0103rii rezultatelor ultimelor alegeri<br \/>Bakk Mikl\u00f3s: Regionalitate ascuns\u0103<br \/>Gabriel Andreescu: Un partid pro-european<br \/>Ovidiu Pecican: Polemici provinciale<br \/>Antonela Capelle-Pog\u0103cean: Observa\u0163ii pe tema cre\u0103rii unui partid regional<br \/>Borb\u00e9ly Zsolt Attila: Ansamblul maghiarimii \u015fi transilvanitatea<br \/>Vintil\u0103 Mih\u0103ilescu: Spriritul vecin\u0103t\u0103\u0163ii<br \/>Hajd\u00fa Farkas-Zolt\u00e1n: \u00cenmorm\u00eentare la Sibiu<\/p><p><strong>Nr. 1-2. ianuarie \u2013 februarie 2001<\/strong><br \/>Papp S\u00e1ndor Zsigmond: Suflul provinciei<br \/>\u015etefan Borb\u00e9ly: O anchet\u0103 regional\u0103<br \/>Szokoly Elek: Polemici \u015fi pseudo-polemici provinciale. Post-scriptum<br \/>Ovidiu Pecican: \u00cenc\u0103 cineva: rom\u00e2no-maghiarii \u015fi maghiaro-rom\u00e2nii<br \/>Moln\u00e1r Guszt\u00e1v: Distribu\u0163ia regional\u0103 a blocurilor politice din Rom\u00e2nia<br \/>*** \u201e\u2026 un pic cam devreme, de\u015fi cam t\u00eerziu\u201d<\/p><p>Autori<\/p><p align=\"justify\"><b>\u00c1GOSTON Hug\u00f3<\/b> (n. 1944) publicist. Absolvent al Facult\u0103\u0163ii de Fizic\u0103 a Universit\u0103\u0163ii Babe\u015f-Bolyai \u00een 1967. \u00cen perioada 1970-1989 este redactor la s\u0103pt\u0103m\u00eenalul A H\u00e9t, din 1990 este redactor-\u015fef adjunct. \u00cen perioada 1977-1989 este redactorul publica\u0163iei de popularizarea \u015ftiin\u0163ei TETT. \u00centre 1975-1987 este coordonatorul seriei Korunk K\u00f6nyvek al editurii Kriterion. Membru fondator al Asocia\u0163iei Ziari\u015ftilor Maghiari din Rom\u00e2nia (1990), \u00eentre 1975-1987 membru \u00een consiliul de coordonare, iar \u00een perioada 1997-1999 pre\u015fedintele acesteia. Este membru fondator \u015fi redactor coordonator al cotidianului Kr\u00f3nika. Volumul Bukaresti \u00c9let, k\u00e9pek a ap\u0103rut \u00een 2000. A fost distins cu premiile M\u00daOSZ (Uniunea Ziari\u015ftilor din Ungaria) \u015fi EMKE (Asocia\u0163ia Cultural\u0103 a Maghiarilor din Transilvania).<\/p><p align=\"justify\"><b>\u00c1GOSTON Vilmos<\/b> (n. 1947) scriitor, istoric \u015fi critic literar. Absolvent al Facult\u0103\u0163ii de Filologie, sec\u0163ia englez\u0103-maghiar\u0103 a Universit\u0103\u0163ii Babe\u015f-Bolyai \u00een 1972. \u00cen 1998 devine doctor \u00een litere la Facultatea de Filologie al Universit\u0103\u0163ii J\u00f3zsef Attila din Seghedin. \u00cen perioada 1989-1992 este membru \u00een colegiul de redac\u0163ie al P\u00e1rizsi Magyar M\u0171hely. \u00centre\u00a0 1992-1994 este redactorul rubricii pentru minorit\u0103\u0163i al s\u0103pt\u0103m\u00eenalului K\u00f6zt\u00e1rsas\u00e1g, mai t\u00eerziu Respublika. \u00cen perioada mai-octombrie 1997 este profesor invitat al Universit\u0103\u0163ii Hokkaido. Din 1998 este colaborator al Biroului European de Programe de Cercetare Comparativ\u0103 a Minorit\u0103\u0163ilor. C\u0103r\u0163i publicate: Humanizmus ett\u0151l \u2014 eddig? (1977), Lass\u00fa V\u00edrus (1981), H\u00fazd a Himnuszt, ne k\u00e1romkodj! (1989), Visszavont rem\u00e9ny (1990), God\u00edr \u00e9s Galanter (1998), Az \u00e9rvel\u00e9s ideje (2000).<\/p><p><b>Gabriel ANDREESCU<\/b> (n. 1952) politolog. Absolvent al Facult\u0103\u0163ii de Fizic\u0103 din Bucure\u015fti \u00een 1976. Este membru al Comitetului Helsinki Rom\u00e2n, membru fondator al Grupului pentru Dialog Social \u015fi Alian\u0163a Civic\u0103, director executiv al Revistei Rom\u00e2ne de Drepturile Omului. A publicat numeroase articole \u015fi studii, este autorul volumelor: Sisteme axiomatice ale logicii limbajului natural. Func\u0163ii \u015fi opera\u0163ionalizare (1992), Cel mai iubit dintre ambasadori (1993), Despre filosofia disiden\u0163ei; Patru ani de revolu\u0163ie (1993), Rom\u00e2nia versus Rom\u00e2nia, Na\u0163ionali\u015fti, antina\u0163ionali\u015fti&#8230; o polemic\u0103 \u00een publicistica rom\u00e2neasc\u0103 (1996), Problema transilvan\u0103 (coordonator,1999); Ruleta. Rom\u00e2nia \u015fi maghiari, 1990-2000 (2001). A fost distins cu premiile Pro Amicitia, acordat de Asocia\u0163ia Ziari\u015ftilor Maghiari din Rom\u00e2nia \u015fi Pro Minoritate, acordat de Guvernul Ungariei.<\/p><p align=\"justify\"><b>BAKK Mikl\u00f3s<\/b> (n. 1952) politolog. Absolvent al Universit\u0103\u0163ii Tehnice din Timi\u015foara \u00een 1976. \u00cen perioada 1991-1999 este redactorul s\u0103pt\u0103m\u00eenalului A H\u00e9t. Din 1996 este membru \u00een colegiul redac\u0163ional al revistei Magyar Kisebbs\u00e9g. Din 1999 este colaborator principal al cotidianului Kr\u00f3nika, \u00een momentul de fa\u0163\u0103 fiind secretar de redac\u0163ie. Studii: Despre concep\u0163ia APADOR privind drepturile minorit\u0103\u0163ilor na\u0163ionale (1994), A n\u00e9metorsz\u00e1gi szorb n\u00e9pcsoport jogai (1996), Bib\u00f3, avagy a v\u00e1ls\u00e1g \u00f6nismerete. Ut\u00f3sz\u00f3. (1997), Factors and Mechanisms of the Regionalization in Central Eastern Europe (1998), Az RMDSZ mint a rom\u00e1niai magyars\u00e1g \u00f6nmeghat\u00e1roz\u00e1si k\u00eds\u00e9rlete 1989 ut\u00e1n (1999), Rom\u00e2nia \u015fi Europa Central\u0103 \u2013 dou\u0103 compromisuri (2000).<\/p><p align=\"justify\"><b>BAL\u00c1ZS Imre-J\u00f3zsef<\/b> (n. 1976). Absolvent al Facult\u0103\u0163ii de Litere a Universit\u0103\u0163ii Babe\u015f-Bolyai, sec\u0163ia maghiar\u0103-englez\u0103. Din anul 1996 public\u0103 versuri, critic\u0103 literar\u0103 \u015fi studii \u00een diverse reviste din Rom\u00e2nia \u015fi Ungaria. \u00cen perioada 1996-1997 \u00een calitate de membru al Colegiului Invizibil particip\u0103 la proiectul Canoanele literare \u00eentre 1957-2000. Din 1998 este profesor colaborator la Catedra de Literatur\u0103 Maghiar\u0103 a Universit\u0103\u0163ii Babe\u015f-Bolyai; redactor al revistei Korunk, \u00eencep\u00eend cu februarie 1999. Volume publicate: Ism\u00e9t m\u00e1snap (versuri, 1998), A nonsalansz es\u00e9lye (studii, 2001), A D\u00e9l-P\u00e1rizs ny\u00e1rikert (2001). Distins cu premiile de debut al Uniunii Scriitorilor, premiul de excelen\u0163\u0103 al revistei L\u00e1t\u00f3 (1998) \u015fi premiul I. pentru eseuri al Funda\u0163iei Erd\u00e9ly Magyar Irodalm\u00e1\u00e9rt.<\/p><p><b>Daniel BARBU<\/b> (n. 1957), doctor \u00een istorie, profesor de \u015ftiin\u0163e politice, \u015fef al catedrei de \u015ftiin\u0163\u0103 politic\u0103 \u015fi director al Institutului de Cercet\u0103ri Politice al Universit\u0103\u0163ii Bucure\u015fti. Profesor invitat la \u00c9cole des Hautes \u00c9tudes en Sciences Sociales (Paris), Universitatea La Sapienza di Roma, Universitatea Na\u0163ional\u0103 din Athena \u015fi la University of Pittsburg. Director al revistei Studia Politica. Romanian Political Science Review. C\u0103r\u0163i publicate: Manuscrise bizantine \u00een colec\u0163ii din Rom\u00e2nia (1984), Pictura mural\u0103 din \u0162ara Rom\u00e2neasc\u0103 \u00een secolul al XIV-lea (1986), Scrisoare pe nisip. Timpul \u015fi privirea \u00een civiliza\u0163ia rom\u00e2neasc\u0103 a secolului al XVIII-lea (1996), \u015eapte teme de politic\u0103 rom\u00e2neasc\u0103 (1997), Byzance, Rome et les Roumains. Essais sur la production politique de la foi au Moyen \u00c2ge (1998), Republica absent\u0103. Politic\u0103 \u015fi societate \u00een Rom\u00e2nia postcomunist\u0103 (1999), Bizan\u0163 contra Bizan\u0163. Explor\u0103ri \u00een cultura politic\u0103 rom\u00e2neasc\u0103 (2001).<\/p><p align=\"justify\"><b>Mircea BOARI<\/b> (n. 1963) politolog. Absolvent al Universit\u0103\u0163ii de Medicin\u0103 Timi\u015foara, master \u00een filozofie al Universit\u0103\u0163ii Bucure\u015fti, master \u00een Studii guvernamentale al Universit\u0103\u0163ii Manchester, doctor \u00een \u015ftiin\u0163e politice al University of Hawaii. Din 1999 este profesor titular la Universitatea din Bucure\u015fti, Facultatea de \u015etiin\u0163e Politice, profesor invitat la \u00c9cole Superieure des \u00c9tudes \u00c9conomiques et Comerciales Paris. Autor al mai multor studii, dintre care: Structural Limits of Political Socialization in Romania: A Case Study on Political Discourse (1994), Intelectuali \u015fi tehnocra\u0163i \u00een perioada tranzi\u0163iei (1994), Triunghiul vicios: autonomia discursului, stagnare intelectual\u0103, involu\u0163ie cultural\u0103 (1998), Ethnic Power (2000). Este membru fondator al Societ\u0103\u0163ii Rom\u00e2ne de \u015etiin\u0163e Politice.<\/p><p align=\"justify\"><b>Romul BOIL\u0102<\/b> (1872-1946) jurist, om politic, membru al Partidului Na\u0163ional Rom\u00e2n din Ardeal, ministrul al transportului \u00een Consiliul Dirigent din Sibiu. Profesor de drept constitu\u0163ional la Universitatea din Cluj, decan al Facult\u0103\u0163ii de Drept \u00eentre 1923-1924. A fost ales \u00een Senat din comitatul T\u00e2rnava Mic\u0103, \u015fi a fost vice-pre\u015fedintele Senatului \u00een 1928-1929.<\/p><p align=\"justify\"><b>\u015etefan BORB\u00c9LY<\/b> (n. 1953) conferen\u0163iar universitar la Facultatea de Litere din Cluj, \u00een cadrul Colectivului de literatur\u0103 comparat\u0103, \u015fi co-director al revistei Caietele Echinox. Coordoneaz\u0103 seria de carte \u201eDiscobolul\u201d de la Editura Dacia. A publicat: Gr\u0103dina magistrului Thomas (1995), Xenograme (1997), Visul lupului de step\u0103 (1999), De la Herakles la Eulenspiegel. Eroicul (2001), Experien\u0163a extern\u0103 (coordonare de edi\u0163ie, 2001), particip\u00eend totodat\u0103 la elaborarea mai multor volume colective, \u00eentre care: Dic\u0163ionarul Scriitorilor Rom\u00e2ni (DSR), Dic\u0163ionarul Esen\u0163ial al Scriitorilor Rom\u00e2ni (DESR), Dic\u0163ionarul Analitic al Operelor Literare Rom\u00e2ne\u015fti (DAOLR). A tradus, \u00eempreun\u0103 cu Marius Tabacu, Idola tribus de G.M. Tam\u00e1s (2001).<\/p><p align=\"justify\"><b>BORB\u00c9LY Zsolt Attila<\/b> (n. 1968). Absolvent al Facult\u0103\u0163ii de Drept \u015fi doctor \u00een drept al Universit\u0103\u0163ii J\u00f3zsef Attila \u00een 1996. Din 1995 pred\u0103 la Universitatea Reformat\u0103 K\u00e1roli G\u00e1sp\u00e1r din Budapesta. Autor al mai multor studii dintre care: Az \u00e9rdekelv\u0171 p\u00e1rtpolitiz\u00e1l\u00e1s erd\u00e9lyi t\u00e9rh\u00f3d\u00edt\u00e1sai (1998), Nyelvpolitika az erd\u00e9lyi magyar k\u00f6z\u00e9letben (1998), Az erd\u00e9lyi magyars\u00e1g \u00e9s az anyaorsz\u00e1gi sajt\u00f3 (2000), Ansamblul maghiarimii \u015fi transilvanitatea (2000), A st\u00e1tust\u00f6rv\u00e9ny mint magyar (re)integr\u00e1ci\u00f3 eszk\u00f6ze (2001), Trianon meghalad\u00e1s\u00e1nak s\u00edkjai (2001), A magyar politika t\u00f6r\u00e9svonalai \u00e9s a st\u00e1tust\u00f6rv\u00e9ny (2001).<\/p><p align=\"justify\"><b>BORCSA J\u00e1nos<\/b> (n. 1953) profesor, redactor, critic literar. Absolvent al Facult\u0103\u0163ii de filologie, sec\u0163ia rus\u0103-maghiar\u0103 a Universit\u0103\u0163ii Babe\u015f-Bolyai \u00een 1976. Din 1992 este profesor la C\u0103t\u0103lina. C\u0103r\u0163i publicate: Megtart\u00f3 form\u00e1k (1984), Sz\u00f6vegk\u00f6zelben \u2013 l\u00e9tk\u00f6zelben (1994), Sz\u00f6vegszigettenger (1996); antologii: \u00d6t\u00f6dik \u00e9vszak (1980), Utunk \u00e9vk\u00f6nyv (1989-1990), \u00c9rt\u00e9k \u00e9s \u00e9rt\u00e9krend az egyetemes magyar irodalomban (1994), Felt\u00e1ratlan \u00e9rt\u00e9kek a magyar irodalomban (1994), M\u00e1sf\u00e9l \u00e9vtized magyar k\u00f6lt\u00e9szete (1995). A publicat numeroase articole \u00een revistele A H\u00e9t, L\u00e1t\u00f3, Helikon \u015fi Kort\u00e1rs. A fost distins cu premiul de debut al Uniunii Scriitorilor Rom\u00e2ni \u015fi premiul de excelen\u0163\u0103 al s\u0103pt\u0103m\u00eenalului A H\u00e9t.<\/p><p><b>Ioan BUDUCA<\/b> (n. 1952). Absolvent al Facult\u0103\u0163ii de Filologie al Universit\u0103\u0163ii Babe\u015f-Bolyai \u00een 1975. C\u0103r\u0163i publicate: Dup\u0103 Socrate (1987); Apocalipsa pentru copii (1994); Doamne, Dumnezeule&#8230; (1997); \u015ei-a fost sear\u0103, \u015fi-a fost diminea\u0163\u0103 (1997); Noua Atlantid\u0103 (2002).<\/p><p align=\"justify\"><b>Antonela CAPELLE-POG\u0102CEAN<\/b> (n. 1968). Absolvent\u0103 a Facult\u0103\u0163ii de Filologie a Universit\u0103\u0163ii Babe\u015f-Bolyai. Doctor \u00een \u015ftiin\u0163e politice al Institutului de \u015etiin\u0163e Politice din Paris cu teza: Repr\u00e9sentations de la nation chez les intellectuells hongrois, hongrois de Roumanie et roumains a l\u2019entre-deux-guerres. Este autoare a numeroase studii \u015fi articole referitoare la rela\u0163iile rom\u00e2no-maghiare: Quelques aspects hungaro-roumaines et la question des minorit\u00e9s magyares (1995), Hongrie\/Roumanie: rivalit\u00e9s et synergies dans la marche vers l\u2019Europe (1997), Chestiunea transilvan\u0103: dimensiune teritorial\u0103 \u015fi dimensiune etnic\u0103 (1998), A rom\u00e1niai magyar kisebbs\u00e9g \u00faj identit\u00e1s-meghat\u00e1roz\u00e1sai 1989 ut\u00e1n (2000), \u201eHongrie\u201d et \u201eRoumanie\u201d (2000).<\/p><p align=\"justify\"><b>Al. CISTELECAN<\/b> (n. 1951) critic literar, redactor, publicist. Absolvent al Facult\u0103\u0163ii de Filologie al Universit\u0103\u0163ii Babe\u015f-Bolyai, Cluj. Doctor \u00een litere, cu teza: Cel\u0103lat Pillat. Redactor-\u015fef adjunct la revista de cultur\u0103 Vatra, respectiv conferen\u0163iar universitar dr. al Universit\u0103\u0163ii Petru Maior din T\u00eergu-Mure\u015f. Bogat\u0103 activitate publicistic\u0103, studii, eseuri, critic\u0103 litarar\u0103, analize politice etc., \u00een aproape toate publica\u0163iile periodice din \u0163ar\u0103. Redactor coordonator pentru varianta rom\u00e2n\u0103 a revistei Provincia. A publicat volumele: Poezie \u015fi livresc (1986), Cel\u0103lalt Pillat (2000), precum \u015fi Top ten (2000). Premiul de critic\u0103 literar\u0103 \u201eGeorge C\u0103linescu\u201d pentru volumul Poezie \u015fi livresc, premiul Uniunii Scriitorilor pentru eseu pe anul 2001, pentru volumul Cel\u0103lalt Pillat.<\/p><p align=\"justify\"><b>Marius COSMEANU<\/b> (n. 1967) sociolog. Absolvent al Facult\u0103\u0163ii de Sociologie \u015fi Psihologie al Universit\u0103tii de Vest Timi\u015foara \u00een 1996. A urmat cursurile de masterat al Facult\u0103\u0163ii Ethnic and Minorities Studies din cadrul Universit\u0103\u0163ii ELTE-UNESCO din Budapesta. Este coordonatorul regional al Agen\u0163iei de Monitorizare a Presei \u015fi colaborator extern al Funda\u0163iei King Baudouin. Este pre\u015fedintele grupului de Monitorizare \u015fi Analiz\u0103. Autor a numeroase articole, analize, recenzii \u015fi studii publicate \u00een Rom\u00e2nia \u015fi str\u0103in\u0103tate, dintre care: Alter\/Ego t\u00e2rgumure\u015fean, Alter \u015fi Ego \u00een minoritate (co-autor, 1995), Identity Politics vs. Political Identities: Two Months with the Romanian Media (2000), Anti-nostalgia. Maghiarii \u015fi spa\u0163iul public \u00een Rom\u00e2nia (2001).<\/p><p><b>DEM\u00c9NY P\u00e9ter<\/b> (n. 1972) Absolvent al Facult\u0103\u0163ii de Filologie, sec\u0163ia maghiar\u0103-rom\u00e2n\u0103 al Universit\u0103\u0163ii Babe\u015f-Bolyai \u00een 1975. \u00cen perioada 1995-1999 este redactor la Editura Kriterion. Din decembrie 1999 este colaborator principal al cotidianului Kr\u00f3nika. \u00cencep\u00eend cu anul 2000 este profesor la Facultatea de Litere a Universit\u0103\u0163ii Babe\u015f-Bolyai A fost distins cu premiile de debut al revistei literare L\u00e1t\u00f3 (1994) \u015fi al Uniunii Scriitorilor Rom\u00e2ni (1995).<\/p><p align=\"justify\"><b>Caius DOBRESCU<\/b> (n. 1966) lector de literatur\u0103 comparat\u0103 la Universitatea \u201eTransilvania\u201d Bra\u015fov. Bursier \u201eHerder\u201d la Universitatea din Viena (1990-1991) \u015fi bursier al New Europe College (1995-1996) \u015fi Budapest Collegium (1996-1997).\u00a0 Consilier al Ministrului Afacerilor Externe (1998-1999). Este redactor-\u015fef adjunct al publica\u0163iei de analiz\u0103 cultural\u0103 Interval. Actualmente bursier Fullbright la Committee on Social Thought \u2013 University of Chicago. C\u0103r\u0163i publicate: Efebia, Sp\u0103l\u00eendu-mi ciorapii, Deadev\u0103r (poezie); Balamuc sau Pionierii spa\u0163iului (roman); Modernitatea ultim\u0103, Semizei \u015fi rentieri (teorie cultural\u0103), Inamicul impersonal (eseuri).<\/p><p align=\"justify\"><b>Sabina FATI<\/b> (n. 1965) ziarist\u0103. Specializat\u0103 \u00een \u015ftiin\u0163e politice, jurnalist\u0103 \u2013 din 1995 \u2013 \u015fi corespondent\u0103 a sec\u0163iei rom\u00e2ne a postului de radio Europa Liber\u0103; de asemenea, colaboratoare constant\u0103 la Curentul, Sfera Politicii \u015fi Politica Extern\u0103. Co-pre\u015fedint\u0103 a grupului interdisciplinar TACTIC, axat pe probleme de securitate \u015fi na\u0163ionalism. A publicat studiile Secretul informa\u0163iilor este secretul puterii (1997), Regionalism prin descentralizare sau criz\u0103 prin fragmentare? (1999),\u00a0 A nemzeti eszme \u00e9s a f\u00f6deralizmus Erd\u00e9lyben a XX. sz\u00e1zad elej\u00e9n (2001).<\/p><p align=\"justify\"><b>Joschka FISCHER<\/b> (n. 1948). \u00cen perioada 1968-1975 urmeaz\u0103 cursurile lui Adorno \u015fi Habermas la Frankfurt. \u00cen 1977, dup\u0103 asasinarea pre\u015fedintelui patronatului Hanz Martin Schleier, p\u0103r\u0103se\u015fte radicalismul politic. \u00cen 1982 se \u00eenscrie \u00een Partidul Verzilor. \u00cen perioada 1983-1985 este deputat \u00een Bundestag \u015fi pre\u015fedintele frac\u0163iunii Partidului Verzilor. \u00cen 1991 este vice-prim ministru \u015fi ministru al mediului \u015fi energiei al landului Hessen. \u00cencep\u00eend cu octombrie 1998 este vicecancelar \u015fi ministru de externe al Germaniei. \u00cen 1999 este ini\u0163iatorul Agendei 2000. A publicat: Der Umbau der Industriegesellschaft (studiu, 1989), Die Linke nach dem Sozialismus (1992), F\u00fcr einen neuen Gesellschaftsvertrag. Eine politische Antwort auf die globale Revolution (studiu, 1998).<\/p><p><b>Mihai FUSU<\/b> (n. 1960) regizor. Absolvent al Facult\u0103\u0163ii de actorie de teatru \u015fi film al \u015ecolii Superioare de Teatru \u015eciukin din Republica Moldova. Din 1985 este membru, apoi regizor al Teatrului Luceaf\u0103rul. A regizat mai multe piese de teatru laureate la festivalurile din Estonia \u015fi Egipt, respectiv Bra\u015fov.<\/p><p align=\"justify\"><b>HADH\u00c1ZY Zsuzsa<\/b> (n. 1952) publicist\u0103. Absolvent\u0103 a Facult\u0103\u0163ii de Istorie-Filozofie a Universit\u0103\u0163ii Babe\u015f-Bolyai \u00een 1976. \u00cen perioada 1981-1990 este ziarist\u0103, redactoare a s\u0103pt\u0103m\u00eenalului Ifj\u00famunk\u00e1s. \u00cen perioada 1997-1999 este corespondent\u0103 de Cluj pentru Radio Bucure\u015fti, emisiunea \u00een limba maghiar\u0103. \u00centre 1999-2000 este redactoare la cotidianul Kr\u00f3nika din Cluj.<\/p><p align=\"justify\"><b>HAJD\u00da Farkas-Zolt\u00e1n<\/b> (n. 1959) eseist, etnolog. C\u0103r\u0163i publicate: A cs\u00edki kal\u00e1ka: int\u00e9zm\u00e9ny \u00e9s jelk\u00e9p (1986), Cs\u00edki kal\u00e1ka (1993), Telepes n\u00e9ps\u00e9g. Erd\u00e9lyi sz\u00e1sz olvas\u00f3k\u00f6nyv (1994); Erd\u00e9ly a legk\u00fcl\u00f6nb n\u0151 volt&#8230; (1998), Siebenb\u00fcrgen Magie einer Kulturlandschaft (redactor, 1999), ALkaiosz lakom\u00e1ja (2001), Sz\u00e9kelyek \u00e9s sz\u00e1szok (2001); \u00een curs de apari\u0163ie Az idegens\u00e9g d\u00edcs\u00e9rete \u2014 \u00e9rtelmis\u00e9gi modellek emigr\u00e1ci\u00f3ban (2002).<\/p><p align=\"justify\"><b>Dejan JAN\u010cA<\/b> (n. 1928) jurist. A fost profesor de drept public interna\u0163ional p\u00een\u0103 \u00een momentul pension\u0103rii la Universitatea Novi Sad. Este membru al Alian\u0163ei Civice la \u00eenceputul anilor \u201990. Este coordonator al Funda\u0163iei pentru Drepturilor Omului din Belgrad. \u00cen calitate de colaborator al Centrului Regional din Novi Sad s-a ocupat de probleme de drept constitu\u0163ional al regionaliz\u0103rii Serbiei. Momentan este ambasadorul Iugoslaviei la Budapesta.<\/p><p align=\"justify\"><b>K\u00c1NTOR Zolt\u00e1n<\/b> (n. 1968). Este sociolog, politolog, colaborator al Institutului Teleki L\u00e1szl\u00f3 din Budapesta \u015fi profesor invitat la Universitatea Babe\u015f-Bolyai din Cluj \u015fi Universitatea din Timi\u015foara. Absolvent al Facult\u0103\u0163ii de Sociologie din cadrul Universit\u0103\u0163ii de Vest Timi\u015foara. \u00cen 1996 a ob\u0163inut masteratul la Facultatea de \u015etiin\u0163e Politice al Central Europea University cu lucrarea: National Minorities, Consociationalism and Democracy: the case of Hungarians in Romania. A publicat lucr\u0103rile: Kisebbs\u00e9gi nemzet\u00e9p\u00edt\u00e9s; A rom\u00e1niai magyars\u00e1g mint nemzet\u00e9p\u00edt\u0151 kisebbs\u00e9g (2000); Az RMDSZ a rom\u00e1niai korm\u00e1nyban 1996-2000 \u00eempreun\u0103 cu B\u00e1rdi N\u00e1ndor (2000), Az RMDSZ \u00e9s a korm\u00e1nykoal\u00edci\u00f3 (1996-2000), coordonator, 2001; A magyar nemzetpolitika \u00e9s a st\u00e1tust\u00f6rv\u00e9ny (2001), Nationalizing Minorities and Homeland Politics (2001).<\/p><p><b>KOLUMB\u00c1N G\u00e1bor<\/b> (n. 1959). Absolvent al Facult\u0103\u0163ii de Fizic\u0103 Aplicat\u0103 al Universit\u0103\u0163ii Bucure\u015fti \u00een 1984. \u00cen 1990 urmat cursurile seminarului de sociologie \u015fi teoria sistemelor la Central European University. \u00cen perioada 1994-1995 particip\u0103 la programul postagradual de managment al Centrului Interna\u0163ional de Management. Este doctorand la Universitatea Janus Pannonius din P\u00e9cs, facultatea de politic\u0103 regional\u0103 \u015fi economie. \u00cen perioada 1997-2000 este membru al Congresului Puterilor Locale \u015fi Regionale al Consiliului Europei, pre\u015fedintele Comisiei de Cultur\u0103 \u015fi Educa\u0163ie. \u00cen perioada 2000-2001 este lector la Facultatea de Administra\u0163ie Public\u0103 al Universit\u0103\u0163ii Babe\u015f-Bolyai, \u00eentre 2001-2002 este \u015fef de catedr\u0103 \u015fi profesor la Facultatea de Management al Universit\u0103\u0163ii Maghiare Transilvane Sapientia. A publicat numeroase studii: European Charter of Regional and Minority Languages in East European perspectives (1998), Regionalism \u015fi Regionalizare (1998), Transnational Ethnical Identity (1999).<\/p><p align=\"justify\"><b>L\u00c1NG Zsolt<\/b> (n. 1958) scriitor, redactor. Absolvent al Facult\u0103\u0163ii Tehnice din Cluj \u00een 1982. \u00cencep\u00eend cu 1990 este redactorul revistei literare L\u00e1t\u00f3. Redactor-fondator al publica\u0163iei \u00c9nekl\u0151 Borz. Volume publicate: Fuccsreg\u00e9ny (1989), Csendes napok (1991), Per\u00e9nyi szabadul\u00e1sa (1993), H\u00e1nyan mentek Pirip\u00f3csra (1995), Besti\u00e1rum Transylvanie. Az \u00e9g madarai (1996),\u00a0 A p\u00e1lcikaember \u00e9lete (1999).<\/p><p align=\"justify\"><b>Marius LAZ\u0102R<\/b> (n. 1959) sociolog. Absolvent al Universit\u0103\u0163ii Babe\u015f-Bolyai, specializarea filozofie, doctor \u00een sociologie cu lucrarea Etnocentrism \u015fi integrare european\u0103 \u00een con\u015ftiin\u0163a cultural\u0103 rom\u00e2neasc\u0103. Lector al Facult\u0103\u0163ii de Sociologie \u015fi Asisten\u0163\u0103 Social\u0103 al Universit\u0103\u0163ii Babe\u015f-Bolyai \u015fi director al Centrului de Cercetare al Rela\u0163iilor Interetnice. A publicat numeroase studii, dintre care: Structuri sociale \u015fi modernizare \u00een societatea rom\u00e2neasc\u0103, \u00een a doua jum\u0103tate a secolului al XIX-lea (1998); Structuri politice \u015fi cultur\u0103: C\u00eempul cultural de la \u2019destalinizare\u2019 la \u2019mitul salv\u0103rii prin cultur\u0103\u2019 (1999); \u201eAkademisches\u201d und \u201enicht-akademisches\u201d Denken. Die Philosophie in Rum\u00e4nien zwischen den beiden Weltkriegen (2001). Este membru al Societ\u0103\u0163ii Rom\u00e2ne de Antropologie Cultural\u0103.<\/p><p align=\"justify\"><b>Vintil\u0103 MIH\u0102ILESCU<\/b> (n. 1951). Absolvent al Facult\u0103\u0163ii de Psihologie al Universit\u0103\u0163ii Bucure\u015fti \u00een 1974. \u00cen perioada 1991-1995 este lector la Facultatea de Sociologie, Psihologie \u015fi Pedagogie a Universit\u0103\u0163ii Bucure\u015fti. \u00cen anul 1993 ob\u0163ine titlul de doctor \u00een psihologie. Din 1995 este conferen\u0163iar la Facultatea de Sociologie, Psihologie \u015fi Pedagogie a aceleia\u015fi universit\u0103\u0163i. Este redactor-\u015fef al Yearbook of the Romanian Society of Cultural Anthropology \u00een 1998 \u015fi lector al Centre for Advanced Studies din Sofia \u00een anul 2000. \u00cencep\u00eend cu 2001 este \u015fef de catedr\u0103 la Facultatea de \u015etiin\u0163e Politice a \u015ecolii Na\u0163ionale de \u015etiin\u0163e Politice \u015fi Administrative. Publica\u0163ii: Nationalit\u00e9 et nationalism en Roumanie (1991), An empiricist theory of tradition (1998), Fascina\u0163ia diferen\u0163ei (1999), Socio-hai-hui. O alt\u0103 sociologie a tranzi\u0163iei (2000), Peasants\u2019 strategies and rural development (2000), Sondajele de opinie \u2013 Mod de \u00eentrebuin\u0163are. Alegerile 2000 \u2013 Prezentare \u015fi analiz\u0103 (redactor, 2001).<\/p><p><b>Ioan MOLDOVAN<\/b> (n. 1952) Licen\u0163iat al Facult\u0103\u0163ii de Filologie, sec\u0163ia rom\u00e2n\u0103-latin\u0103 \u00een 1976. \u00cen perioada studen\u0163iei, a fost redactor \u015fi apoi secretar gene\u00adral de redac\u0163ie al revistei studen\u0163e\u015fti de cultur\u0103 Echinox. Dup\u0103 o perioad\u0103 de profesorat \u00een Maramure\u015f, \u00een 1989 vine la Oradea ca redactor al revistei de cultur\u0103 Familia, iar din 1990 este redactorul \u015fef al aceleia\u015fi reviste. A publicat mai multe volume de versuri: Via\u0163a f\u0103r\u0103 nume (1980), Exerci\u0163ii de transparen\u0163\u0103 (1983), Insomnii l\u00eeng\u0103 mun\u0163i (1989), Arta r\u0103bd\u0103rii (1993), Avantajele insomniei (1997), Tratat de oboseal\u0103 (1999), O uitare de texte (2000). Este membru al Uniunii Scriitorilor, al ASPRO \u015fi al PEN-Clubului rom\u00e2n.<\/p><p align=\"justify\"><b>MOLN\u00c1R Guszt\u00e1v<\/b> (n.1948) filozof, politolog. Absolvent al Facult\u0103\u0163ii de Istorie-Filozofie a Universit\u0103\u0163ii Babe\u015f-Bolyai din Cluj. Colaborator \u015ftin\u0163ific al Institutului Teleki din Budapesta, profesor invitat la Universitatea Cre\u015ftin\u0103 Partium din Oradea. \u00cen 1995 ob\u0163ine titlul de doctor \u00een \u015ftiin\u0163e politice la Universitatea din Budapesta cu lucrarea Az autonom t\u00e1rsadalom eszm\u00e9je az angol polg\u00e1ri forradalom idej\u00e9n (Ideea societ\u0103\u0163ii autonome \u00een timpul revolu\u0163iei burgheze din Anglia). P\u00een\u0103 \u00een 1987 redactor al publica\u0163iilor de \u015ftiin\u0163e sociale al editurii Kriterion. \u00cen 1985 fondeaz\u0103 cercul Limes al intelectualilor maghiari din Ardeal. Din 1988 tr\u0103ie\u015fte \u00een Ungaria. \u00cen\u00a0 anul universitar 1988-89 a predat cursul Ideologia na\u0163ional\u0103 la rom\u00e2ni, de la Eminescu la Noica, la Universitatea de \u015etiin\u0163e\u00a0 Economice din Budapesta. \u00cen 1989-90 este redactor la s\u0103pt\u0103m\u00eenalul cultural Magyar Napl\u00f3, iar din 1991 este colaborator al Institutului Teleki. C\u0103r\u0163i \u015fi studii mai importante: Az elm\u00e9let k\u00fcsz\u00f6b\u00e9n (1976); \u00d3 Anglia, Anglia&#8230; Essz\u00e9 az angol forradalomr\u00f3l (1984); Bretter Gy\u00f6rgy \u00f6r\u00f6ks\u00e9ge. Bretter Gy: A kortudat kritik\u00e1ja, (1984). Postfa\u0163\u0103; Nem lehet. A kisebbs\u00e9gi sors vit\u00e1ja. Antologie, \u00eempreun\u0103 cu\u00a0 Cseke P\u00e9ter \u2013 \u015fi Postfa\u0163\u0103 (1989); \u00d6nrendelkez\u00e9si t\u00f6rekv\u00e9sek az \u201e\u00c9szak-Erd\u00e9lyi K\u00f6zt\u00e1rsas\u00e1g\u201d idej\u00e9n, in Auton\u00f3mia \u00e9s integr\u00e1ci\u00f3 (1993); Problema transilvan\u0103. Coordonare, \u00eempreun\u0103 cu Gabriel Andreescu (1999);\u00a0 The Vanishing of In-Between Europe, in Regio (2000).<\/p><p align=\"justify\"><b>Cornel MORARU<\/b> (n.1943). Absolvent al Facult\u0103\u0163ii de Filologie (1996) \u015fi al Facult\u0103\u0163ii de Filozofie (1974) al Universit\u0103\u0163ii Bucure\u015fti. Redactor \u015fef al revistei Vatra, conferen\u0163iar universitar dr. la Universitatea \u201ePetru Maior\u201d din T\u00eergu-Mure\u015f. Teza de doctorat: Convergen\u0163e metafizice \u00een opera lui Lucian Blaga a fost apreciat\u0103 cu men\u0163iunea \u201emagna cum laude\u201d. Este autor a mai multor studii, coautor al Dic\u0163ionarului Scriitorilor Rom\u00e2ni, vol. I-II \u015fi al Dic\u0163ionarului Esen\u0163ial al Scriitorilor Rom\u00e2ni. C\u0103r\u0163i publicate: Semnele realului (1981), Textul \u015fi realitatea (1984), Obsesia credibilit\u0103\u0163ii (1996), Constantin Noica \u2013 monografie (2000). Este membru al Uniunii Scriitorilor din Rom\u00e2nia \u015fi al ASPRO.<\/p><p align=\"justify\"><b>Ioan MU\u015eLEA<\/b> (n. 1940) A absolvit Institutul Politehnic din Cluj \u00een 1961. \u00cen perioada 1990-1997 este ziarist la s\u0103pt\u0103m\u00eenalul de cultur\u0103 Tribuna, redactor \u015fef al cotidianului Tribuna Ardealului, corespondent al s\u0103pt\u0103m\u00eenalului 22 \u015fi al posturilor de radio BBC, Europa Liber\u0103 \u015fi Deutsche Welle. Din 1997, este director al Studioului teritorial de televiziune TVR Cluj.<\/p><p><b>PAPP S\u00e1ndor Zsigmond<\/b> (n. 1972). Absolvent al Colegiul de Jurnalistic\u0103 Ady Endre \u00een 1995 \u015fi al Facult\u0103\u0163ii de Istorie-Filosofie al Universit\u0103\u0163ii Babe\u015f-Bolyai \u00een 2001. \u00cen perioada 1995-1996 este redactor la Erd\u00e9lyi Napl\u00f3, iar \u00een perioada 1999-2001 este coordonatorul rubricii de cultur\u0103 al cotidianului Kr\u00f3nika, din 2001 colaborator principal al acesteia. C\u0103r\u0163i publicate: 72-es blues (1995), Ahonnan a v\u00e1ros (1998), Oran vesztegl\u0151 haj\u00f3i (2001). A fost distins cu: premiul AZMR (1995), premiul I. pentru nuvele al revistei literare L\u00e1t\u00f3 (1996), premiul de debut al filialei din Cluj a Uniunii Scriitorilor Rom\u00e2ni, (1997), premiul II. al Funda\u0163iei Erd\u00e9ly Magyar Irodalom\u00e1\u00e9rt pentru proz\u0103 scurt\u0103 (1998), premiul Kacs\u00f3 S\u00e1ndor al EMKE (2001), \u015fi premiul de excelen\u0163\u0103 al revistei literare L\u00e1t\u00f3 pentru proz\u0103 (2002).<\/p><p align=\"justify\"><b>Ovidiu PECICAN<\/b> (n. 1959) istoric. Absolvent al Facult\u0103\u0163ii de Istorie \u015fi filozofie al Universit\u0103\u0163ii Babe\u015f-Bolyai \u00een 1985. \u00cen anul 1998 ob\u0163ine titlul de doctor \u00een istorie la Universitatea Babe\u015f-Bolyai. \u00cen perioada 1991-1994 este cercet\u0103tor la Centrul de Studii Transilvane din Cluj. \u00cencep\u00eend cu 1998 este cancelarul Facult\u0103\u0163ii de Studii Europene din cadrul Universit\u0103\u0163ii Babe\u015f-Bolyai. Director al Desire Press din 2001. A publicat numeroase studii, articole, c\u0103r\u0163i, dintre care: Europa \u2013 o idee \u00een mers (1997); Troia, Vene\u0163ia, Roma. Studii de civiliza\u0163ie european\u0103 (1998); Adev\u0103ratele \u00eencerc\u0103ri s\u00eent de depistat la nivelul provoc\u0103rilor spirituale (1999), Rom\u00e2nia \u015fi Comunitatea European\u0103 (2000). Este co-redactor la Transition in Central and Eastern Europe. Din 1995 este membru al European Community Studies Association. A fost distins cu premiile Uniunii Studen\u0163ilor Europeni din Rom\u00e2nia, al Universit\u0103\u0163ii Babe\u015f-Bolyai \u015fi al Editurii Nemira. Este membru al Uniunii Scriitorilor Rom\u00e2ni.<\/p><p align=\"justify\"><b>SALAT Levente<\/b> (n. 1957) Este doctor \u00een filosofie \u015fi conferen\u0163iar la Facultatea de \u015etiin\u0163e Politice a Universit\u0103\u0163ii Babe\u015f-Bolyai, membru fondator \u015fi director executiv al Centrului de Resurse pentru Diversitate Etnocultural\u0103. \u00cen perioada 1990-1994 este redactor, apoi redactor-\u015fef adjunct la revista Korunk. \u00centre 1990-1999 a fost coordonatorul filialei din Cluj a Funda\u0163iei Soros. Publica\u0163ii mai importante: Filippika az id\u0151 ellen (eseuri, studii, 1996); Etnopolitika &#8211; a konfliktust\u00f3l a m\u00e9lt\u00e1nyoss\u00e1gig. Az autentikus kisebbs\u00e9gi l\u00e9t normat\u00edv alapjai, (2001); Multiculturalismul liberal (2001). \u00cempreun\u0103 c\u0103 Lucian Nastas\u0103 a fost redactorul antologiei Rela\u0163ii interetnice \u00een Rom\u00e2nia postcomunist\u0103 publicat \u00een 2001 \u00een limbile rom\u00e2n\u0103 \u015fi englez\u0103.<\/p><p align=\"justify\"><b>Eginald SCHLATTNER<\/b> (n. 1933) A urmat cursurile teologiei evanghelice, a Facult\u0103\u0163ii de Matematic\u0103, iar apoi a Facult\u0103\u0163ii de Hidrologie din Cluj. \u00cen 1957 a fost arestat \u015fi \u00een 1959 a fost condamnat. Dup\u0103 eliberare, \u00een anul 1969, \u00ee\u015fi ia licen\u0163a \u00een hidrologie. \u00cencep\u00eend cu 1973 \u00ee\u015fi continu\u0103 studiile de teologie la Sibiu. \u00centre 1978-1979 este preot evanghelic la Ro\u015fia. \u00centre 1989-1999 este redactorul publica\u0163iei Landeskirchliche Information. Momentan este preot al penitenciarului din Aiud. C\u0103r\u0163i publicate: Die gek\u00f6pfte Hahn (1998, reeditare 2001) \u015fi Rote Handschuhe (2001).<\/p><p align=\"justify\"><b>SELYEM Zsuzsa<\/b> (n. 1967) Absolvent\u0103 a Facult\u0103\u0163ii de Matematic\u0103 (1989) \u015fi al Facult\u0103\u0163ii de Litere (1996) ale Universit\u0103\u0163ii \u201eBabe\u015f\u2013Bolyai\u201d Cluj. \u00cen perioada 1995-1998 este redactor la revista Korunk, din 1998 pred\u0103 istoria literaturii maghiare din secolul 20. \u015fi teoria literaturii la Facultatea de Litere, redactor \u015fef al revistei de literatur\u0103 \u015fi art\u0103 Lkkt, coordonatoarea Colegiului Invizibil din Cluj. A publicat eseuri, critic\u0103 literar\u0103 \u015fi traduceri \u00een paginile revistelor Korunk, L\u00e1t\u00f3, \u00c9let \u00e9s irodalom, Pannonhalmi Szemle, Lkkt \u015fi Jelenkor. Primul volum de eseuri, Valami helyet, a ap\u0103rut \u00een 2001 la Budapesta.<\/p><p><b>SZ\u00c9KELY Istv\u00e1n<\/b> (n. 1962) politolog. Absolvent al Facult\u0103\u0163ii de Drept din cadrul Universit\u0103\u0163ii din Budapesta. Din 1995 este referent principal al pre\u015fedin\u0163iei UDMR, iar din 1997 este vicepre\u015fedinte, responsabil cu administra\u0163ia local\u0103 \u015fi organiza\u0163ii teritoriale. \u00cencep\u00eend cu 1999 este coordonatorul Biroului de Dezvoltare a \u00eenv\u0103\u0163\u0103m\u00eentului universitar pentru sprijinirea Universit\u0103\u0163ii Maghiare Sapientia. Este redactor coordonator al revistei Magyar Kisebbs\u00e9g din Cluj.<\/p><p align=\"justify\"><b>SZOKOLY Elek<\/b> (n. 1939) publicist. Absolvent al Facult\u0103\u0163ii de Filosofie a Universit\u0103\u0163ii Babe\u015f-Bolyai din Cluj. P\u00een\u0103 la schimb\u0103rile din \u201989, ca fost de\u0163inut politic, a fost muncitor pe \u015fantiere de construc\u0163ii, muncitor \u00een fabric\u0103, maestru de lumini \u00een teatru. Dup\u0103 1990 este redactor \u015fi editorialist la Gazeta de Mure\u015f, coeditor \u015fi redactor al revistei Altera, director al Centrului Intercultural al Ligii Pro Europa \u015fi al editurii cu acela\u015fi nume, apoi director executiv al Ligii Pro Europa. A publicat numeroase articole, eseuri \u015fi studii \u00een limba maghiar\u0103 \u015fi rom\u00e2n\u0103, \u00een diferite publica\u0163ii din \u0163ar\u0103, precum \u015fi \u00een volumul colectiv Problema transilvan\u0103. Membru fondator al Ligii Pro Europa \u015fi membru al Asocia\u0163iei Ziari\u015ftilor Maghiari din Rom\u00e2nia, al Asocia\u0163iei Ziari\u015ftilor Rom\u00e2ni \u015fi al Comitetului Helsinki Rom\u00e2n.<\/p><p align=\"justify\"><b>Traian \u015eTEF<\/b> (n. 1954) Licen\u0163iat al Facult\u0103\u0163ii de Litere din Cluj, sec\u0163ia rom\u00e2n\u0103-francez\u0103 \u00een 1979. \u00cen perioada studen\u0163iei, a fost redactor al revistei Echinox, din 1990 redactor la revista Familia. Din anul 2000, este \u015fi membru \u00een colegiul de redac\u0163ie al revistei Provincia. A fost membru fondator al Alian\u0163ei Civice \u015fi al Partidului Alian\u0163ei Civice, iar, timp de patru ani, consilier jude\u0163ean. Membru al Uniunii Scriitorilor \u015fi al ASPRO. Volume publicate: C\u0103l\u0103toria de ucenic, Femeia \u00een Roz, Tandre\u0163ea dintre noi (versuri), Despre mistificare (eseuri politice), Ridicolul, Despre calitatea uman\u0103 (eseuri de estetic\u0103 literar\u0103 \u015fi literatur\u0103 comparat\u0103), Leonid Dimov (critic\u0103 literar\u0103, coautor).<\/p><p align=\"justify\"><b>William TOTOK<\/b> (n. 1951) Absolvent al Facult\u0103\u0163ii de Filologie, sec\u0163ia german\u0103-rom\u00e2n\u0103 din cadrul Universit\u0103\u0163ii din Timi\u015foara. Cofondator al Aktionsgruppe Banat (1972-75); de\u0163inut politic (1975-76). Din 1987 tr\u0103ie\u015fte ca scriitor \u015fi jurnalist la Berlin. A publicat poezii, eseuri, articole, cronici at\u00eet \u00een Rom\u00e2nia c\u00eet \u015fi \u00een Germania, Austria, Ungaria, S.U.A., Danemarca. Este co-editor al revistei bianuale Halbjahresschrift f\u00fcr s\u00fcdosteurop\u00e4ische Geschichte, Literatur und Politik. Premii: Leonce-und-Lena-F\u00f6rderpreis \u015fi Premiul Funda\u0163iei Henning-Kauffmann-Stiftung (\u00eempreun\u0103 cu mai mul\u0163i autori germani originari din Rom\u00e2nia). C\u0103r\u0163i publicate: Die Vergesellschaftung der Gef\u00fchle (versuri, 1980), Freundliche Fremdheit (versuri, 1984), Die Zw\u00e4nge der Erinnerung. Aufzeichnungen aus Rum\u00e4nien (eseuri, 1988), Aprecieri neretu\u015fate. Eseuri, articole \u015fi interviuri 1987-1994 (1994), Constr\u00eengerea memoriei. \u00censemn\u0103ri, documente, amintiri (eseuri \u015fi publicistic\u0103, 2001).<\/p><p>V\u00c9GEL L\u00e1szl\u00f3<b> (n. 1941) eseist, dramaturg \u015fi romancier. \u00cen perioada 1971-1980 a fost redactorul <\/b>suplimentului cultural Kil\u00e1t\u00f3 al publica\u0163iei Magyar Sz\u00f3 din Novi Sad. \u00centre 1980-1992 este dramaturg la televiziunea din Novi Sad, din 1993 este coordonatorul Funda\u0163iei pentru o Societate Deschis\u0103 din aceea\u015fi localitate. A publicat: Egy makr\u00f3 eml\u00e9kiratai (1969), A szenved\u00e9lyek tanfolyama (roman, 1969), Szitkoz\u00f3dunk, de szem\u00fcnkb\u0151l k\u00f6nnyek hullanak (nuvele, 1969), A vers kih\u00edv\u00e1sa (eseuri, 1975), \u00c1tt\u00fcntet\u00e9sek (roman, 1984), \u00c1brah\u00e1m k\u00e9se (eseuri de teatru, 1988), Judit (drame, 1989), Lemond\u00e1s \u00e9s megmarad\u00e1s (1992), \u00dajvid\u00e9ki tril\u00f3gia (roman, 1993), Wittgenstein sz\u00f6v\u0151sz\u00e9ke (jurnal-eseu,\u00a0 1995), A nagy K\u00f6z\u00e9p-kelet-eur\u00f3pai Lakoma bevonul a Pikareszk reg\u00e9nybe (1998), Peremvid\u00e9ki \u00e9let (eseuri, 2000), Exterrit\u00f3rium (roman-eseu, 2000).<\/p><p align=\"justify\"><b>Daniel VIGHI<\/b> (n. 1956) scriitor, jurnalist. A absolvit Facultatea de Filologie din Universitatea Timi\u015foara \u00een 1980. Din 1990 este redactor al revistei Orizont, conferen\u0163iar universitar la Facultatea de Litere din Universitatea de Vest din Timi\u015foara. \u00cen 1997 a ob\u0163inut titlul de doctor \u00een literatura interbelic\u0103 rom\u00e2neasc\u0103. Este membru fondator al Societ\u0103\u0163ii Timi\u015foara, coautor al Proclama\u0163iei de la Timi\u015foara, membru fondator al Alian\u0163ei Civice \u015fi al Partidului Alian\u0163ei Civice. Redactor \u015fi colaborator al revistelor: Orizont, Studii de literatur\u0103 rom\u00e2n\u0103 \u015fi comparat\u0103, Ariergarda, Dilema, Cuv\u00eentul, Vatra. Autor a mai multor volume de proz\u0103 \u015fi studii: Rusalii \u201951. Fragmente din deportarea \u00een B\u0103r\u0103gan (1994), Istorie \u015fi masonerie (1995), Valahia de mucava (1996), Deportarea \u00een B\u0103r\u0103gan. Destine \u2013 documente \u2013 reportaje (1996), Decembrie, ora 10 (1997), \u00centre hanger \u015fi sofa. Literatura \u00een epoca veche rom\u00e2neasc\u0103 (1998), Insula de var\u0103 (1999), Sorin Titel. Monografie critic\u0103 (2000). Este de\u0163in\u0103tor a mai multor premii, ca: premiul de debut al Uniunii Scriitorilor Rom\u00e2ni \u015fi a Asocia\u0163iei Scriitorilor, premiul ASPRO \u015fi premiul revistei Familia.<\/p><p align=\"justify\"><b>Renate WEBER<\/b> (n. 1955). Absolvent\u0103 a Facult\u0103\u0163ii de Drept din cadrul Universit\u0103\u0163ii Bucure\u015fti \u00een 1979. Este avocat\u0103 \u015fi profesoar\u0103 la \u015ecoala Na\u0163ional\u0103 pentru Studii Politice \u015fi Administrative din Bucure\u015fti, directoare a Funda\u0163iei pentru o Societate Deschis\u0103 Rom\u00e2nia, membr\u0103 \u00een comitetul consultativ al International Service for Human Rights, \u015fi International Council for Human Rights Policy din Geneva. A publicat numeroase studii, dintre care: Dou\u0103 proiecte de lege privind protec\u0163ia minorit\u0103\u0163ilor na\u0163ionale (1994), Concep\u0163ia UDMR cu privire la drepturile minorit\u0103\u0163ilor na\u0163ionale (coautor, 1994), The Welfare State in Post-Communist Countries: The Romanian Case (1996), Rom\u00e2nia \u015fi dreptul interna\u0163ional al drepturilor omului (1996), Self-determination (1996), The Protection of National Minorities in Romania: a Matter of Political Will and Wisdom (1997), The Romanian-Hungarian Relations within the Legal Frame of the Schengen Agreements (1999), Transilvania: evolu\u0163ie prin devolu\u0163ie? (1999), The Impact of the European Convention of Human Rights upon the Rule of Law in Romania (2001), Police Organization and Accountability: A Comparative Study (2001), Constitutionalism as a Vehicle for Democratic Consolidation in Romania (2001).<\/p><p align=\"justify\"><b>Joachim WITTSTOCK<\/b> (n. 1939). A absolvit Facultatea de Filologie din cadrul Universit\u0103\u0163ii \u201eBabe\u015f-Bolyai\u201d \u00een 1961. \u00cen perioada 1971-1999 a fost cercet\u0103tor \u00een domeniul istoriei literare la Centrul de \u015etiin\u0163e Sociale. A elaborat diferite lucr\u0103ri, legate tematic mai ales de literatura german\u0103 din Transilvania, Banat \u015fi Bucovina. A publicat mai multe volume de versuri ap\u0103rute la editurile Dacia \u015fi Kriterion. Volumele sale de proz\u0103 scurt\u0103 au fost publicate la Frankfurt am Main (1991) \u015fi Innsbruck (1997). Este membru al Uniunii Scriitorilor din Rom\u00e2nia din 1979, al Societ\u0103\u0163ii Germane \u201eSchiller\u201d din Marbach\/Neckar \u015fi al Breslei Arti\u015ftilor din Esslingen, Germania.<\/p>\t\t\t\t\t\t\t\t<\/div>\n\t\t\t\t<\/div>\n\t\t\t\t\t<\/div>\n\t\t\t\t<\/div>\n\t\t\t\t<\/div>\n\t\t","protected":false},"excerpt":{"rendered":"<p>Provincia 2000 hu provincia-2000_hu_2001 Acest volum con\u0163ine o antologie a articolelor publicate \u00een revista Provincia anul I., 2000Selec\u0163ie realizat\u0103 de Moln\u00e1r Guszt\u00e1vEditor coordonator: Szokoly ElekCoordonator tehnic: Kacs\u00f3 Judit-AndreaGrafica coper\u0163ilor: K\u00f6nczey Elem\u00e9r Cuprins Ce vrem \u015fi ce nu vrem Nr. 1. aprilie 2000Moln\u00e1r Guszt\u00e1v: Provincia \u201epremodern\u0103\u201dCaius Dobrescu: Berea dezalcoolizat\u0103 \u2013 o solu\u0163ie politic\u0103?Bakk Mikl\u00f3s: Logica deconstruc\u0163ieiHadh\u00e1zy [&hellip;]<\/p>\n","protected":false},"author":2,"featured_media":0,"parent":0,"menu_order":0,"comment_status":"closed","ping_status":"closed","template":"prysm-elementor-full-width.php","meta":{"footnotes":""},"class_list":["post-5021","page","type-page","status-publish","hentry"],"yoast_head":"<!-- This site is optimized with the Yoast SEO plugin v27.4 - https:\/\/yoast.com\/product\/yoast-seo-wordpress\/ -->\n<title>Provincia 2000 hu - Liga Pro Europa<\/title>\n<meta name=\"robots\" content=\"index, follow, max-snippet:-1, max-image-preview:large, max-video-preview:-1\" \/>\n<link rel=\"canonical\" href=\"https:\/\/proeuropa.ro\/v2\/provincia-2000-hu\/\" \/>\n<meta property=\"og:locale\" content=\"en_US\" \/>\n<meta property=\"og:type\" content=\"article\" \/>\n<meta property=\"og:title\" content=\"Provincia 2000 hu - Liga Pro Europa\" \/>\n<meta property=\"og:description\" content=\"Provincia 2000 hu provincia-2000_hu_2001 Acest volum con\u0163ine o antologie a articolelor publicate \u00een revista Provincia anul I., 2000Selec\u0163ie realizat\u0103 de Moln\u00e1r Guszt\u00e1vEditor coordonator: Szokoly ElekCoordonator tehnic: Kacs\u00f3 Judit-AndreaGrafica coper\u0163ilor: K\u00f6nczey Elem\u00e9r Cuprins Ce vrem \u015fi ce nu vrem Nr. 1. aprilie 2000Moln\u00e1r Guszt\u00e1v: Provincia \u201epremodern\u0103\u201dCaius Dobrescu: Berea dezalcoolizat\u0103 \u2013 o solu\u0163ie politic\u0103?Bakk Mikl\u00f3s: Logica deconstruc\u0163ieiHadh\u00e1zy [&hellip;]\" \/>\n<meta property=\"og:url\" content=\"https:\/\/proeuropa.ro\/v2\/provincia-2000-hu\/\" \/>\n<meta property=\"og:site_name\" content=\"Liga Pro Europa\" \/>\n<meta property=\"article:modified_time\" content=\"2024-05-29T05:16:59+00:00\" \/>\n<meta property=\"og:image\" content=\"https:\/\/proeuropa.ro\/v2\/wp-content\/uploads\/elementor\/thumbs\/provincia-2000_hu-qouvqrc4ld0qt2s6tiuz797mch07xlmsywaj0ts740.jpg\" \/>\n<meta name=\"twitter:card\" content=\"summary_large_image\" \/>\n<meta name=\"twitter:label1\" content=\"Est. reading time\" \/>\n\t<meta name=\"twitter:data1\" content=\"23 minutes\" \/>\n<script type=\"application\/ld+json\" class=\"yoast-schema-graph\">{\"@context\":\"https:\\\/\\\/schema.org\",\"@graph\":[{\"@type\":\"WebPage\",\"@id\":\"https:\\\/\\\/proeuropa.ro\\\/v2\\\/provincia-2000-hu\\\/\",\"url\":\"https:\\\/\\\/proeuropa.ro\\\/v2\\\/provincia-2000-hu\\\/\",\"name\":\"Provincia 2000 hu - Liga Pro Europa\",\"isPartOf\":{\"@id\":\"https:\\\/\\\/proeuropa.ro\\\/v2\\\/#website\"},\"primaryImageOfPage\":{\"@id\":\"https:\\\/\\\/proeuropa.ro\\\/v2\\\/provincia-2000-hu\\\/#primaryimage\"},\"image\":{\"@id\":\"https:\\\/\\\/proeuropa.ro\\\/v2\\\/provincia-2000-hu\\\/#primaryimage\"},\"thumbnailUrl\":\"https:\\\/\\\/proeuropa.ro\\\/v2\\\/wp-content\\\/uploads\\\/elementor\\\/thumbs\\\/provincia-2000_hu-qouvqrc4ld0qt2s6tiuz797mch07xlmsywaj0ts740.jpg\",\"datePublished\":\"2024-05-29T05:10:24+00:00\",\"dateModified\":\"2024-05-29T05:16:59+00:00\",\"breadcrumb\":{\"@id\":\"https:\\\/\\\/proeuropa.ro\\\/v2\\\/provincia-2000-hu\\\/#breadcrumb\"},\"inLanguage\":\"en-US\",\"potentialAction\":[{\"@type\":\"ReadAction\",\"target\":[\"https:\\\/\\\/proeuropa.ro\\\/v2\\\/provincia-2000-hu\\\/\"]}]},{\"@type\":\"ImageObject\",\"inLanguage\":\"en-US\",\"@id\":\"https:\\\/\\\/proeuropa.ro\\\/v2\\\/provincia-2000-hu\\\/#primaryimage\",\"url\":\"https:\\\/\\\/proeuropa.ro\\\/v2\\\/wp-content\\\/uploads\\\/elementor\\\/thumbs\\\/provincia-2000_hu-qouvqrc4ld0qt2s6tiuz797mch07xlmsywaj0ts740.jpg\",\"contentUrl\":\"https:\\\/\\\/proeuropa.ro\\\/v2\\\/wp-content\\\/uploads\\\/elementor\\\/thumbs\\\/provincia-2000_hu-qouvqrc4ld0qt2s6tiuz797mch07xlmsywaj0ts740.jpg\"},{\"@type\":\"BreadcrumbList\",\"@id\":\"https:\\\/\\\/proeuropa.ro\\\/v2\\\/provincia-2000-hu\\\/#breadcrumb\",\"itemListElement\":[{\"@type\":\"ListItem\",\"position\":1,\"name\":\"Prima pagin\u0103\",\"item\":\"https:\\\/\\\/proeuropa.ro\\\/v2\\\/\"},{\"@type\":\"ListItem\",\"position\":2,\"name\":\"Provincia 2000 hu\"}]},{\"@type\":\"WebSite\",\"@id\":\"https:\\\/\\\/proeuropa.ro\\\/v2\\\/#website\",\"url\":\"https:\\\/\\\/proeuropa.ro\\\/v2\\\/\",\"name\":\"Liga Pro Europa\",\"description\":\"\",\"potentialAction\":[{\"@type\":\"SearchAction\",\"target\":{\"@type\":\"EntryPoint\",\"urlTemplate\":\"https:\\\/\\\/proeuropa.ro\\\/v2\\\/?s={search_term_string}\"},\"query-input\":{\"@type\":\"PropertyValueSpecification\",\"valueRequired\":true,\"valueName\":\"search_term_string\"}}],\"inLanguage\":\"en-US\"}]}<\/script>\n<!-- \/ Yoast SEO plugin. -->","yoast_head_json":{"title":"Provincia 2000 hu - Liga Pro Europa","robots":{"index":"index","follow":"follow","max-snippet":"max-snippet:-1","max-image-preview":"max-image-preview:large","max-video-preview":"max-video-preview:-1"},"canonical":"https:\/\/proeuropa.ro\/v2\/provincia-2000-hu\/","og_locale":"en_US","og_type":"article","og_title":"Provincia 2000 hu - Liga Pro Europa","og_description":"Provincia 2000 hu provincia-2000_hu_2001 Acest volum con\u0163ine o antologie a articolelor publicate \u00een revista Provincia anul I., 2000Selec\u0163ie realizat\u0103 de Moln\u00e1r Guszt\u00e1vEditor coordonator: Szokoly ElekCoordonator tehnic: Kacs\u00f3 Judit-AndreaGrafica coper\u0163ilor: K\u00f6nczey Elem\u00e9r Cuprins Ce vrem \u015fi ce nu vrem Nr. 1. aprilie 2000Moln\u00e1r Guszt\u00e1v: Provincia \u201epremodern\u0103\u201dCaius Dobrescu: Berea dezalcoolizat\u0103 \u2013 o solu\u0163ie politic\u0103?Bakk Mikl\u00f3s: Logica deconstruc\u0163ieiHadh\u00e1zy [&hellip;]","og_url":"https:\/\/proeuropa.ro\/v2\/provincia-2000-hu\/","og_site_name":"Liga Pro Europa","article_modified_time":"2024-05-29T05:16:59+00:00","og_image":[{"url":"https:\/\/proeuropa.ro\/v2\/wp-content\/uploads\/elementor\/thumbs\/provincia-2000_hu-qouvqrc4ld0qt2s6tiuz797mch07xlmsywaj0ts740.jpg","type":"","width":"","height":""}],"twitter_card":"summary_large_image","twitter_misc":{"Est. reading time":"23 minutes"},"schema":{"@context":"https:\/\/schema.org","@graph":[{"@type":"WebPage","@id":"https:\/\/proeuropa.ro\/v2\/provincia-2000-hu\/","url":"https:\/\/proeuropa.ro\/v2\/provincia-2000-hu\/","name":"Provincia 2000 hu - Liga Pro Europa","isPartOf":{"@id":"https:\/\/proeuropa.ro\/v2\/#website"},"primaryImageOfPage":{"@id":"https:\/\/proeuropa.ro\/v2\/provincia-2000-hu\/#primaryimage"},"image":{"@id":"https:\/\/proeuropa.ro\/v2\/provincia-2000-hu\/#primaryimage"},"thumbnailUrl":"https:\/\/proeuropa.ro\/v2\/wp-content\/uploads\/elementor\/thumbs\/provincia-2000_hu-qouvqrc4ld0qt2s6tiuz797mch07xlmsywaj0ts740.jpg","datePublished":"2024-05-29T05:10:24+00:00","dateModified":"2024-05-29T05:16:59+00:00","breadcrumb":{"@id":"https:\/\/proeuropa.ro\/v2\/provincia-2000-hu\/#breadcrumb"},"inLanguage":"en-US","potentialAction":[{"@type":"ReadAction","target":["https:\/\/proeuropa.ro\/v2\/provincia-2000-hu\/"]}]},{"@type":"ImageObject","inLanguage":"en-US","@id":"https:\/\/proeuropa.ro\/v2\/provincia-2000-hu\/#primaryimage","url":"https:\/\/proeuropa.ro\/v2\/wp-content\/uploads\/elementor\/thumbs\/provincia-2000_hu-qouvqrc4ld0qt2s6tiuz797mch07xlmsywaj0ts740.jpg","contentUrl":"https:\/\/proeuropa.ro\/v2\/wp-content\/uploads\/elementor\/thumbs\/provincia-2000_hu-qouvqrc4ld0qt2s6tiuz797mch07xlmsywaj0ts740.jpg"},{"@type":"BreadcrumbList","@id":"https:\/\/proeuropa.ro\/v2\/provincia-2000-hu\/#breadcrumb","itemListElement":[{"@type":"ListItem","position":1,"name":"Prima pagin\u0103","item":"https:\/\/proeuropa.ro\/v2\/"},{"@type":"ListItem","position":2,"name":"Provincia 2000 hu"}]},{"@type":"WebSite","@id":"https:\/\/proeuropa.ro\/v2\/#website","url":"https:\/\/proeuropa.ro\/v2\/","name":"Liga Pro Europa","description":"","potentialAction":[{"@type":"SearchAction","target":{"@type":"EntryPoint","urlTemplate":"https:\/\/proeuropa.ro\/v2\/?s={search_term_string}"},"query-input":{"@type":"PropertyValueSpecification","valueRequired":true,"valueName":"search_term_string"}}],"inLanguage":"en-US"}]}},"_links":{"self":[{"href":"https:\/\/proeuropa.ro\/v2\/wp-json\/wp\/v2\/pages\/5021","targetHints":{"allow":["GET"]}}],"collection":[{"href":"https:\/\/proeuropa.ro\/v2\/wp-json\/wp\/v2\/pages"}],"about":[{"href":"https:\/\/proeuropa.ro\/v2\/wp-json\/wp\/v2\/types\/page"}],"author":[{"embeddable":true,"href":"https:\/\/proeuropa.ro\/v2\/wp-json\/wp\/v2\/users\/2"}],"replies":[{"embeddable":true,"href":"https:\/\/proeuropa.ro\/v2\/wp-json\/wp\/v2\/comments?post=5021"}],"version-history":[{"count":7,"href":"https:\/\/proeuropa.ro\/v2\/wp-json\/wp\/v2\/pages\/5021\/revisions"}],"predecessor-version":[{"id":5028,"href":"https:\/\/proeuropa.ro\/v2\/wp-json\/wp\/v2\/pages\/5021\/revisions\/5028"}],"wp:attachment":[{"href":"https:\/\/proeuropa.ro\/v2\/wp-json\/wp\/v2\/media?parent=5021"}],"curies":[{"name":"wp","href":"https:\/\/api.w.org\/{rel}","templated":true}]}}